{"id":509,"date":"2024-08-22T11:10:58","date_gmt":"2024-08-22T09:10:58","guid":{"rendered":"https:\/\/lacomercialmalaga.com\/privacy-policy\/"},"modified":"2024-09-04T10:16:30","modified_gmt":"2024-09-04T08:16:30","slug":"privacy-policy","status":"publish","type":"page","link":"https:\/\/lacomercialmalaga.com\/en\/legal-notice\/privacy-policy\/","title":{"rendered":"Privacy Policy"},"content":{"rendered":"\n<p><strong>LA COMERCIAL M\u00c1LAGA<\/strong>, provides this PRIVACY POLICY through our website <a href=\"http:\/\/www.lacomercialmalaga.com\">lacomercialmalaga.com<\/a> to inform you in detail, about how we handle your personal data and protect your privacy and the information you provide us. In case of introducing modifications in the future on the same we will notify you via the website or other means so that you can know the new privacy conditions introduced.  <\/p>\n\n<p>In compliance with Regulation (EU) 2016\/679, General Data Protection Regulation and Organic Law 3\/2018, of 5 December, on Personal Data Protection and guarantee of digital rights, we inform you of the following:<\/p>\n\n<h2 class=\"wp-block-heading\">Data Controller<\/h2>\n\n<ul class=\"wp-block-list\">\n<li>Owner: LA COMERCIAL M\u00c1LAGA 2021, S.L.<\/li>\n\n\n\n<li>CIF: B05405998<\/li>\n\n\n\n<li>Trade Name: LA COMERCIAL M\u00c1LAGA <\/li>\n\n\n\n<li>E-mail: <em>hola@lacomercialmalaga.com<\/em><\/li>\n\n\n\n<li>Phone: +34 613027223<\/li>\n\n\n\n<li>Address: Calle La Loma, 23. 29130. Alhaur\u00edn de la Torre (M\u00e1laga)  <\/li>\n\n\n\n<li>Website: <a href=\"http:\/\/www.lacomercialmalaga.com\"><em>lacomercialmalaga.com<\/em><\/a><em>. <\/em>  <\/li>\n<\/ul>\n\n<h2 class=\"wp-block-heading\">What is the purpose of processing your personal data?<\/h2>\n\n<p>On the website of LA COMERCIAL M\u00c1LAGA we collect and process your personal information in accordance with current regulations. The main purposes for which we process your data are as follows:<\/p>\n\n<ul class=\"wp-block-list\">\n<li>To showcase each of the footwear and textile products represented by our company.<\/li>\n\n\n\n<li>To manage requests for information, suggestions and complaints that you may send us through the contact section provided for this purpose.<\/li>\n<\/ul>\n\n<h2 class=\"wp-block-heading\">How do we collect your information? <\/h2>\n\n<p>We collect your personal information through different means, but you will always be informed at the time of collection through informative clauses about the data controller, the purpose and legal basis of the processing, data recipients, the retention period of your information, and how you can exercise your rights regarding data protection.<\/p>\n\n<p>Through our website we collect personal information related to your browsing via the use of cookies. To know clearly and precisely what cookies we use, what are their purposes and how you can configure or disable them, see our <a href=\"https:\/\/lacomercialmalaga.com\/en\/legal-notice\/cookies\/\">Cookies policy<\/a><em>.<\/em> <\/p>\n\n<h2 class=\"wp-block-heading\">User&#8217;s responsibility <\/h2>\n\n<p>By providing their data through electronic channels, the user guarantees that they are over 14 years old and that the data provided to LA COMERCIAL M\u00c1LAGA is true, accurate, complete and up-to-date. For this purpose, the user confirms that he\/she is responsible for the veracity of the data provided and that he\/she will keep such information updated so that it corresponds to his\/her real situation. The user assumes responsibility for any false or inaccurate data they may provide, as well as for any direct or indirect damages that may result. <\/p>\n\n<h2 class=\"wp-block-heading\">How long do we keep your information?<\/h2>\n\n<p>At LA COMERCIAL M\u00c1LAGA, we only retain your information for the period necessary to fulfill the purpose for which it was collected, to comply with our legal obligations, and to address any potential liabilities that may arise from fulfilling the purpose for which the data was collected. <\/p>\n\n<p>In any case, and as a general rule, we will keep your personal information while a contractual relationship exist between us or until you exercise your right to deletion and\/or restriction of processing. In such cases, the information will be blocked and will not be used beyond its retention, as long as it may be necessary for the exercise or defense of claims or to address any potential liabilities that may arise.<\/p>\n\n<h2 class=\"wp-block-heading\">To whom do we disclose your data?<\/h2>\n\n<p>In general, in LA COMERCIAL M\u00c1LAGA we do not share your personal information, except for those disclosures required by legal obligations imposed on us.<\/p>\n\n<p>Additionally, your personal information may be made available to public authorities, judges, and courts for addressing any potential liabilities arising from the processing of your data.<\/p>\n\n<h2 class=\"wp-block-heading\">International data transfers<\/h2>\n\n<p>There are no international transfers of your data to countries outside the European Economic Area (EEA).<\/p>\n\n<p>We have agreed with our suppliers that, for the provision of the contracted service, they make use of servers located in the EEA. If in the future, we need to make use of servers located outside the territory of the EU, appropriate measures will be taken, which will be incorporated into this Privacy Policy to ensure that adequate safeguards are in place.<\/p>\n\n<h2 class=\"wp-block-heading\">What are your rights regarding the processing of your data and how can you exercise them?<\/h2>\n\n<p>Data protection regulations allow you to exercise your rights of access, rectification, deletion and data portability, as well as the rights to object to and limit the processing of your data. You also have the right not to be. <\/p>\n\n<p>These rights are characterized by the following:<\/p>\n\n<ul class=\"wp-block-list\">\n<li>The exercise is free of charge, except in the case of manifestly unfounded or excessive requests (e.g. repetitive nature), in which case LA COMERCIAL M\u00c1LAGA may charge a fee proportional to the administrative costs incurred or refuse to act.<\/li>\n\n\n\n<li>You may exercise your rights directly or through your legal representative or volunteer.<\/li>\n\n\n\n<li>We must respond to your request within one month, although, taking into account the complexity and number of requests, the deadline may be extended by an additional two months.<\/li>\n\n\n\n<li>We are required to inform you about the means to exercise these rights, which must be accessible and we may not deny you the exercise of the right solely because you choose another means. If the request is submitted electronically, the information will be provided by electronic means whenever possible, unless you ask us to do otherwise. <\/li>\n\n\n\n<li>If LA COMERCIAL M\u00c1LAGA does not process the request, we will inform you, no later than one month, of the reasons for not taking action and the possibility of filing a complaint with a supervisory authority.<\/li>\n<\/ul>\n\n<p>To exercise your rights LA COMERCIAL M\u00c1LAGA offers you the following means:<\/p>\n\n<p>1. By written and signed request addressed to LA COMERCIAL M\u00c1LAGA, Calle La Loma, 23. 29130. Alhaur\u00edn de la Torre (M\u00e1laga). Ref. Exercise of Personal Data Protection Rights.    <\/p>\n\n<p>2. By sending a scanned and signed form to the e-mail address <a href=\"mailto:hola@lacomercialmalaga.com\">hola@lacomercialmalaga.com<\/a> indicating in the subject line EXERCISE OF PERSONAL DATA PROTECTION RIGHTS.<\/p>\n\n<p>In both cases, you will need to verify your identity by providing a photocopy or, if applicable, a scanned copy of your ID card or equivalent document. This is to ensure that we respond only to the data subject or their legal representative, in which case a document proving the representation must also be provided.<\/p>\n\n<p>Additionally and especially if you consider that you have not obtained full satisfaction in the exercise of your rights, we inform you that you may file a complaint with the national supervisory authority by contacting the Spanish Data Protection Agency, C\/ Jorge Juan, 6 &#8211; 28001 Madrid.<\/p>\n\n<h2 class=\"wp-block-heading\"><strong>How do we protect your information?<\/strong><\/h2>\n\n<p>At LA COMERCIAL M\u00c1LAGA we are committed to protecting your personal information. <\/p>\n\n<p>We use physical, legal, organizational, and technological measures, controls, and procedures that are reasonably reliable and effective, aimed at preserving the integrity and security of your data and ensuring your privacy. <\/p>\n\n<p>In addition, all personnel with access to personal data have been trained and are aware of their obligations in relation to the processing of their personal data.<\/p>\n\n<p>In the contracts we enter into with our suppliers, we include clauses that require them to maintain confidentiality regarding the personal data they have accessed as a result of their tasks. They must also implement the necessary technical and organizational security measures to ensure the ongoing confidentiality, integrity, availability, and resilience of the systems and services used for processing personal data.<\/p>\n\n<p>All these security measures are reviewed periodically to ensure their adequacy and effectiveness.<\/p>\n\n<p>However, absolute security cannot be guaranteed, and no security system is completely impervious. If any information under our control were compromised as a result of a security breach, we would take appropriate measures to investigate the incident, notify the supervisory authority, and, if necessary, inform any affected users so they can take the appropriate actions. <\/p>\n\n<p class=\"has-text-align-right\"><strong>MAY 2024<\/strong><\/p>\n","protected":false},"excerpt":{"rendered":"<p>LA COMERCIAL M\u00c1LAGA, provides this PRIVACY POLICY through our website lacomercialmalaga.com to inform you in detail, about how we handle your personal data and protect your privacy and the information you provide us. In case of introducing modifications in the future on the same we will notify you via the website or other means so [&hellip;]<\/p>\n","protected":false},"author":1,"featured_media":0,"parent":514,"menu_order":0,"comment_status":"closed","ping_status":"closed","template":"","meta":{"footnotes":""},"class_list":["post-509","page","type-page","status-publish","hentry"],"yoast_head":"<!-- This site is optimized with the Yoast SEO plugin v27.5 - https:\/\/yoast.com\/product\/yoast-seo-wordpress\/ -->\n<title>Privacy Policy - La Comercial M\u00e1laga<\/title>\n<meta name=\"robots\" content=\"noindex, nofollow\" \/>\n<meta property=\"og:locale\" content=\"en_US\" \/>\n<meta property=\"og:type\" content=\"article\" \/>\n<meta property=\"og:title\" content=\"Privacy Policy - La Comercial M\u00e1laga\" \/>\n<meta property=\"og:description\" content=\"LA COMERCIAL M\u00c1LAGA, provides this PRIVACY POLICY through our website lacomercialmalaga.com to inform you in detail, about how we handle your personal data and protect your privacy and the information you provide us. In case of introducing modifications in the future on the same we will notify you via the website or other means so [&hellip;]\" \/>\n<meta property=\"og:url\" content=\"https:\/\/lacomercialmalaga.com\/en\/legal-notice\/privacy-policy\/\" \/>\n<meta property=\"og:site_name\" content=\"La Comercial M\u00e1laga\" \/>\n<meta property=\"article:modified_time\" content=\"2024-09-04T08:16:30+00:00\" \/>\n<meta name=\"twitter:card\" content=\"summary_large_image\" \/>\n<meta name=\"twitter:label1\" content=\"Est. reading time\" \/>\n\t<meta name=\"twitter:data1\" content=\"6 minutes\" \/>\n<script type=\"application\/ld+json\" class=\"yoast-schema-graph\">{\"@context\":\"https:\\\/\\\/schema.org\",\"@graph\":[{\"@type\":\"WebPage\",\"@id\":\"https:\\\/\\\/lacomercialmalaga.com\\\/en\\\/legal-notice\\\/privacy-policy\\\/\",\"url\":\"https:\\\/\\\/lacomercialmalaga.com\\\/en\\\/legal-notice\\\/privacy-policy\\\/\",\"name\":\"Privacy Policy - La Comercial M\u00e1laga\",\"isPartOf\":{\"@id\":\"https:\\\/\\\/lacomercialmalaga.com\\\/en\\\/#website\"},\"datePublished\":\"2024-08-22T09:10:58+00:00\",\"dateModified\":\"2024-09-04T08:16:30+00:00\",\"breadcrumb\":{\"@id\":\"https:\\\/\\\/lacomercialmalaga.com\\\/en\\\/legal-notice\\\/privacy-policy\\\/#breadcrumb\"},\"inLanguage\":\"en-US\",\"potentialAction\":[{\"@type\":\"ReadAction\",\"target\":[\"https:\\\/\\\/lacomercialmalaga.com\\\/en\\\/legal-notice\\\/privacy-policy\\\/\"]}]},{\"@type\":\"BreadcrumbList\",\"@id\":\"https:\\\/\\\/lacomercialmalaga.com\\\/en\\\/legal-notice\\\/privacy-policy\\\/#breadcrumb\",\"itemListElement\":[{\"@type\":\"ListItem\",\"position\":1,\"name\":\"Portada\",\"item\":\"https:\\\/\\\/lacomercialmalaga.com\\\/en\\\/la-comercial-malaga\\\/\"},{\"@type\":\"ListItem\",\"position\":2,\"name\":\"Legal notice\",\"item\":\"https:\\\/\\\/lacomercialmalaga.com\\\/en\\\/legal-notice\\\/\"},{\"@type\":\"ListItem\",\"position\":3,\"name\":\"Privacy Policy\"}]},{\"@type\":\"WebSite\",\"@id\":\"https:\\\/\\\/lacomercialmalaga.com\\\/en\\\/#website\",\"url\":\"https:\\\/\\\/lacomercialmalaga.com\\\/en\\\/\",\"name\":\"La Comercial M\u00e1laga\",\"description\":\"Un showroom a tu medida\",\"publisher\":{\"@id\":\"https:\\\/\\\/lacomercialmalaga.com\\\/en\\\/#organization\"},\"potentialAction\":[{\"@type\":\"SearchAction\",\"target\":{\"@type\":\"EntryPoint\",\"urlTemplate\":\"https:\\\/\\\/lacomercialmalaga.com\\\/en\\\/?s={search_term_string}\"},\"query-input\":{\"@type\":\"PropertyValueSpecification\",\"valueRequired\":true,\"valueName\":\"search_term_string\"}}],\"inLanguage\":\"en-US\"},{\"@type\":\"Organization\",\"@id\":\"https:\\\/\\\/lacomercialmalaga.com\\\/en\\\/#organization\",\"name\":\"La Comercial M\u00e1laga\",\"url\":\"https:\\\/\\\/lacomercialmalaga.com\\\/en\\\/\",\"logo\":{\"@type\":\"ImageObject\",\"inLanguage\":\"en-US\",\"@id\":\"https:\\\/\\\/lacomercialmalaga.com\\\/en\\\/#\\\/schema\\\/logo\\\/image\\\/\",\"url\":\"https:\\\/\\\/lacomercialmalaga.com\\\/wp-content\\\/uploads\\\/2024\\\/08\\\/Logo-La-Comercial-Malaga-Cabecera-Web.svg\",\"contentUrl\":\"https:\\\/\\\/lacomercialmalaga.com\\\/wp-content\\\/uploads\\\/2024\\\/08\\\/Logo-La-Comercial-Malaga-Cabecera-Web.svg\",\"width\":512,\"height\":75,\"caption\":\"La Comercial M\u00e1laga\"},\"image\":{\"@id\":\"https:\\\/\\\/lacomercialmalaga.com\\\/en\\\/#\\\/schema\\\/logo\\\/image\\\/\"}}]}<\/script>\n<!-- \/ Yoast SEO plugin. -->","yoast_head_json":{"title":"Privacy Policy - La Comercial M\u00e1laga","robots":{"index":"noindex","follow":"nofollow"},"og_locale":"en_US","og_type":"article","og_title":"Privacy Policy - La Comercial M\u00e1laga","og_description":"LA COMERCIAL M\u00c1LAGA, provides this PRIVACY POLICY through our website lacomercialmalaga.com to inform you in detail, about how we handle your personal data and protect your privacy and the information you provide us. In case of introducing modifications in the future on the same we will notify you via the website or other means so [&hellip;]","og_url":"https:\/\/lacomercialmalaga.com\/en\/legal-notice\/privacy-policy\/","og_site_name":"La Comercial M\u00e1laga","article_modified_time":"2024-09-04T08:16:30+00:00","twitter_card":"summary_large_image","twitter_misc":{"Est. reading time":"6 minutes"},"schema":{"@context":"https:\/\/schema.org","@graph":[{"@type":"WebPage","@id":"https:\/\/lacomercialmalaga.com\/en\/legal-notice\/privacy-policy\/","url":"https:\/\/lacomercialmalaga.com\/en\/legal-notice\/privacy-policy\/","name":"Privacy Policy - La Comercial M\u00e1laga","isPartOf":{"@id":"https:\/\/lacomercialmalaga.com\/en\/#website"},"datePublished":"2024-08-22T09:10:58+00:00","dateModified":"2024-09-04T08:16:30+00:00","breadcrumb":{"@id":"https:\/\/lacomercialmalaga.com\/en\/legal-notice\/privacy-policy\/#breadcrumb"},"inLanguage":"en-US","potentialAction":[{"@type":"ReadAction","target":["https:\/\/lacomercialmalaga.com\/en\/legal-notice\/privacy-policy\/"]}]},{"@type":"BreadcrumbList","@id":"https:\/\/lacomercialmalaga.com\/en\/legal-notice\/privacy-policy\/#breadcrumb","itemListElement":[{"@type":"ListItem","position":1,"name":"Portada","item":"https:\/\/lacomercialmalaga.com\/en\/la-comercial-malaga\/"},{"@type":"ListItem","position":2,"name":"Legal notice","item":"https:\/\/lacomercialmalaga.com\/en\/legal-notice\/"},{"@type":"ListItem","position":3,"name":"Privacy Policy"}]},{"@type":"WebSite","@id":"https:\/\/lacomercialmalaga.com\/en\/#website","url":"https:\/\/lacomercialmalaga.com\/en\/","name":"La Comercial M\u00e1laga","description":"Un showroom a tu medida","publisher":{"@id":"https:\/\/lacomercialmalaga.com\/en\/#organization"},"potentialAction":[{"@type":"SearchAction","target":{"@type":"EntryPoint","urlTemplate":"https:\/\/lacomercialmalaga.com\/en\/?s={search_term_string}"},"query-input":{"@type":"PropertyValueSpecification","valueRequired":true,"valueName":"search_term_string"}}],"inLanguage":"en-US"},{"@type":"Organization","@id":"https:\/\/lacomercialmalaga.com\/en\/#organization","name":"La Comercial M\u00e1laga","url":"https:\/\/lacomercialmalaga.com\/en\/","logo":{"@type":"ImageObject","inLanguage":"en-US","@id":"https:\/\/lacomercialmalaga.com\/en\/#\/schema\/logo\/image\/","url":"https:\/\/lacomercialmalaga.com\/wp-content\/uploads\/2024\/08\/Logo-La-Comercial-Malaga-Cabecera-Web.svg","contentUrl":"https:\/\/lacomercialmalaga.com\/wp-content\/uploads\/2024\/08\/Logo-La-Comercial-Malaga-Cabecera-Web.svg","width":512,"height":75,"caption":"La Comercial M\u00e1laga"},"image":{"@id":"https:\/\/lacomercialmalaga.com\/en\/#\/schema\/logo\/image\/"}}]}},"_links":{"self":[{"href":"https:\/\/lacomercialmalaga.com\/en\/wp-json\/wp\/v2\/pages\/509","targetHints":{"allow":["GET"]}}],"collection":[{"href":"https:\/\/lacomercialmalaga.com\/en\/wp-json\/wp\/v2\/pages"}],"about":[{"href":"https:\/\/lacomercialmalaga.com\/en\/wp-json\/wp\/v2\/types\/page"}],"author":[{"embeddable":true,"href":"https:\/\/lacomercialmalaga.com\/en\/wp-json\/wp\/v2\/users\/1"}],"replies":[{"embeddable":true,"href":"https:\/\/lacomercialmalaga.com\/en\/wp-json\/wp\/v2\/comments?post=509"}],"version-history":[{"count":3,"href":"https:\/\/lacomercialmalaga.com\/en\/wp-json\/wp\/v2\/pages\/509\/revisions"}],"predecessor-version":[{"id":574,"href":"https:\/\/lacomercialmalaga.com\/en\/wp-json\/wp\/v2\/pages\/509\/revisions\/574"}],"up":[{"embeddable":true,"href":"https:\/\/lacomercialmalaga.com\/en\/wp-json\/wp\/v2\/pages\/514"}],"wp:attachment":[{"href":"https:\/\/lacomercialmalaga.com\/en\/wp-json\/wp\/v2\/media?parent=509"}],"curies":[{"name":"wp","href":"https:\/\/api.w.org\/{rel}","templated":true}]}}